{"id":628,"date":"2021-12-02T15:57:35","date_gmt":"2021-12-02T15:57:35","guid":{"rendered":"http:\/\/www.giverny-lareserve.com\/chambres\/the-portrait-bedroom\/"},"modified":"2024-04-21T18:25:16","modified_gmt":"2024-04-21T18:25:16","slug":"the-portrait-bedroom","status":"publish","type":"chambres","link":"https:\/\/www.giverny-lareserve.com\/en\/chambres\/the-portrait-bedroom\/","title":{"rendered":"The Portrait Bedroom"},"content":{"rendered":"\n<p>A <strong>large bedroom<\/strong> of 27m<sup>\u00b2<\/sup> on the ground floor. The two large west facing windows overlook a haven of greenery. You are in a green setting. Double bed 180 x 200. It can be prepared in two beds. The bathroom has a window and is equipped with a shower (adapted).<br\/>Possibility of an extra bed (1 pers).<\/p>\n\n<p>FULLY ACCESSIBLE TO DISABLED VISITORS<br\/>The entire first floor of the house is on one level, accessible to people in wheelchairs (doorway of 76 cm).<\/p>\n\n<p>Price: from <strong>\u20ac240<\/strong> per night for 2 people.<br\/>Breakfast and tourist taxes included.<br\/>Access to swimming pool (according to rules).<\/p>\n","protected":false},"featured_media":1009,"template":"","class_list":["post-628","chambres","type-chambres","status-publish","has-post-thumbnail","hentry"],"acf":[],"yoast_head":"<!-- This site is optimized with the Yoast SEO plugin v27.5 - https:\/\/yoast.com\/product\/yoast-seo-wordpress\/ -->\n<title>The Portrait Bedroom | La R\u00e9serve | Bed &amp; Breakfast in Giverny (27)<\/title>\n<meta name=\"description\" content=\"Large and comfortable 27 m2 room located on the ground floor of our charming guest house, La R\u00e9serve, in Giverny (27). Accessible to people with reduced mobility.\" \/>\n<meta name=\"robots\" content=\"index, follow, max-snippet:-1, max-image-preview:large, max-video-preview:-1\" \/>\n<link rel=\"canonical\" href=\"https:\/\/www.giverny-lareserve.com\/en\/chambres\/the-portrait-bedroom\/\" \/>\n<meta property=\"og:locale\" content=\"en_US\" \/>\n<meta property=\"og:type\" content=\"article\" \/>\n<meta property=\"og:title\" content=\"The Portrait Bedroom | La R\u00e9serve | Bed &amp; Breakfast in Giverny (27)\" \/>\n<meta property=\"og:description\" content=\"Large and comfortable 27 m2 room located on the ground floor of our charming guest house, La R\u00e9serve, in Giverny (27). Accessible to people with reduced mobility.\" \/>\n<meta property=\"og:url\" content=\"https:\/\/www.giverny-lareserve.com\/en\/chambres\/the-portrait-bedroom\/\" \/>\n<meta property=\"og:site_name\" content=\"La R\u00e9serve | Bed &amp; Breakfast in Giverny (27)\" \/>\n<meta property=\"article:modified_time\" content=\"2024-04-21T18:25:16+00:00\" \/>\n<meta property=\"og:image\" content=\"https:\/\/www.giverny-lareserve.com\/wp-content\/uploads\/2021\/11\/Reserve-Chambre-Portraits.jpg\" \/>\n\t<meta property=\"og:image:width\" content=\"1920\" \/>\n\t<meta property=\"og:image:height\" content=\"1281\" \/>\n\t<meta property=\"og:image:type\" content=\"image\/jpeg\" \/>\n<meta name=\"twitter:card\" content=\"summary_large_image\" \/>\n<meta name=\"twitter:label1\" content=\"Est. reading time\" \/>\n\t<meta name=\"twitter:data1\" content=\"1 minute\" \/>\n<script type=\"application\/ld+json\" class=\"yoast-schema-graph\">{\"@context\":\"https:\\\/\\\/schema.org\",\"@graph\":[{\"@type\":\"WebPage\",\"@id\":\"https:\\\/\\\/www.giverny-lareserve.com\\\/en\\\/chambres\\\/the-portrait-bedroom\\\/\",\"url\":\"https:\\\/\\\/www.giverny-lareserve.com\\\/en\\\/chambres\\\/the-portrait-bedroom\\\/\",\"name\":\"The Portrait Bedroom | La R\u00e9serve | Bed & Breakfast in Giverny (27)\",\"isPartOf\":{\"@id\":\"https:\\\/\\\/www.giverny-lareserve.com\\\/en\\\/#website\"},\"primaryImageOfPage\":{\"@id\":\"https:\\\/\\\/www.giverny-lareserve.com\\\/en\\\/chambres\\\/the-portrait-bedroom\\\/#primaryimage\"},\"image\":{\"@id\":\"https:\\\/\\\/www.giverny-lareserve.com\\\/en\\\/chambres\\\/the-portrait-bedroom\\\/#primaryimage\"},\"thumbnailUrl\":\"https:\\\/\\\/www.giverny-lareserve.com\\\/wp-content\\\/uploads\\\/2021\\\/11\\\/Reserve-Chambre-Portraits.jpg\",\"datePublished\":\"2021-12-02T15:57:35+00:00\",\"dateModified\":\"2024-04-21T18:25:16+00:00\",\"description\":\"Large and comfortable 27 m2 room located on the ground floor of our charming guest house, La R\u00e9serve, in Giverny (27). Accessible to people with reduced mobility.\",\"breadcrumb\":{\"@id\":\"https:\\\/\\\/www.giverny-lareserve.com\\\/en\\\/chambres\\\/the-portrait-bedroom\\\/#breadcrumb\"},\"inLanguage\":\"en-US\",\"potentialAction\":[{\"@type\":\"ReadAction\",\"target\":[\"https:\\\/\\\/www.giverny-lareserve.com\\\/en\\\/chambres\\\/the-portrait-bedroom\\\/\"]}]},{\"@type\":\"ImageObject\",\"inLanguage\":\"en-US\",\"@id\":\"https:\\\/\\\/www.giverny-lareserve.com\\\/en\\\/chambres\\\/the-portrait-bedroom\\\/#primaryimage\",\"url\":\"https:\\\/\\\/www.giverny-lareserve.com\\\/wp-content\\\/uploads\\\/2021\\\/11\\\/Reserve-Chambre-Portraits.jpg\",\"contentUrl\":\"https:\\\/\\\/www.giverny-lareserve.com\\\/wp-content\\\/uploads\\\/2021\\\/11\\\/Reserve-Chambre-Portraits.jpg\",\"width\":1920,\"height\":1281},{\"@type\":\"BreadcrumbList\",\"@id\":\"https:\\\/\\\/www.giverny-lareserve.com\\\/en\\\/chambres\\\/the-portrait-bedroom\\\/#breadcrumb\",\"itemListElement\":[{\"@type\":\"ListItem\",\"position\":1,\"name\":\"Accueil\",\"item\":\"https:\\\/\\\/www.giverny-lareserve.com\\\/en\\\/home\\\/\"},{\"@type\":\"ListItem\",\"position\":2,\"name\":\"The Portrait Bedroom\"}]},{\"@type\":\"WebSite\",\"@id\":\"https:\\\/\\\/www.giverny-lareserve.com\\\/en\\\/#website\",\"url\":\"https:\\\/\\\/www.giverny-lareserve.com\\\/en\\\/\",\"name\":\"La R\u00e9serve | Bed & Breakfast in Giverny (27)\",\"description\":\"\",\"publisher\":{\"@id\":\"https:\\\/\\\/www.giverny-lareserve.com\\\/en\\\/#organization\"},\"potentialAction\":[{\"@type\":\"SearchAction\",\"target\":{\"@type\":\"EntryPoint\",\"urlTemplate\":\"https:\\\/\\\/www.giverny-lareserve.com\\\/en\\\/?s={search_term_string}\"},\"query-input\":{\"@type\":\"PropertyValueSpecification\",\"valueRequired\":true,\"valueName\":\"search_term_string\"}}],\"inLanguage\":\"en-US\"},{\"@type\":\"Organization\",\"@id\":\"https:\\\/\\\/www.giverny-lareserve.com\\\/en\\\/#organization\",\"name\":\"La R\u00e9serve | Maison d'h\u00f4tes de charme \u00e0 Giverny\",\"url\":\"https:\\\/\\\/www.giverny-lareserve.com\\\/en\\\/\",\"logo\":{\"@type\":\"ImageObject\",\"inLanguage\":\"en-US\",\"@id\":\"https:\\\/\\\/www.giverny-lareserve.com\\\/en\\\/#\\\/schema\\\/logo\\\/image\\\/\",\"url\":\"https:\\\/\\\/www.giverny-lareserve.com\\\/wp-content\\\/uploads\\\/2021\\\/12\\\/La-Reserve-Giverny.png\",\"contentUrl\":\"https:\\\/\\\/www.giverny-lareserve.com\\\/wp-content\\\/uploads\\\/2021\\\/12\\\/La-Reserve-Giverny.png\",\"width\":1280,\"height\":632,\"caption\":\"La R\u00e9serve | Maison d'h\u00f4tes de charme \u00e0 Giverny\"},\"image\":{\"@id\":\"https:\\\/\\\/www.giverny-lareserve.com\\\/en\\\/#\\\/schema\\\/logo\\\/image\\\/\"}}]}<\/script>\n<!-- \/ Yoast SEO plugin. -->","yoast_head_json":{"title":"The Portrait Bedroom | La R\u00e9serve | Bed & Breakfast in Giverny (27)","description":"Large and comfortable 27 m2 room located on the ground floor of our charming guest house, La R\u00e9serve, in Giverny (27). Accessible to people with reduced mobility.","robots":{"index":"index","follow":"follow","max-snippet":"max-snippet:-1","max-image-preview":"max-image-preview:large","max-video-preview":"max-video-preview:-1"},"canonical":"https:\/\/www.giverny-lareserve.com\/en\/chambres\/the-portrait-bedroom\/","og_locale":"en_US","og_type":"article","og_title":"The Portrait Bedroom | La R\u00e9serve | Bed & Breakfast in Giverny (27)","og_description":"Large and comfortable 27 m2 room located on the ground floor of our charming guest house, La R\u00e9serve, in Giverny (27). Accessible to people with reduced mobility.","og_url":"https:\/\/www.giverny-lareserve.com\/en\/chambres\/the-portrait-bedroom\/","og_site_name":"La R\u00e9serve | Bed & Breakfast in Giverny (27)","article_modified_time":"2024-04-21T18:25:16+00:00","og_image":[{"width":1920,"height":1281,"url":"https:\/\/www.giverny-lareserve.com\/wp-content\/uploads\/2021\/11\/Reserve-Chambre-Portraits.jpg","type":"image\/jpeg"}],"twitter_card":"summary_large_image","twitter_misc":{"Est. reading time":"1 minute"},"schema":{"@context":"https:\/\/schema.org","@graph":[{"@type":"WebPage","@id":"https:\/\/www.giverny-lareserve.com\/en\/chambres\/the-portrait-bedroom\/","url":"https:\/\/www.giverny-lareserve.com\/en\/chambres\/the-portrait-bedroom\/","name":"The Portrait Bedroom | La R\u00e9serve | Bed & Breakfast in Giverny (27)","isPartOf":{"@id":"https:\/\/www.giverny-lareserve.com\/en\/#website"},"primaryImageOfPage":{"@id":"https:\/\/www.giverny-lareserve.com\/en\/chambres\/the-portrait-bedroom\/#primaryimage"},"image":{"@id":"https:\/\/www.giverny-lareserve.com\/en\/chambres\/the-portrait-bedroom\/#primaryimage"},"thumbnailUrl":"https:\/\/www.giverny-lareserve.com\/wp-content\/uploads\/2021\/11\/Reserve-Chambre-Portraits.jpg","datePublished":"2021-12-02T15:57:35+00:00","dateModified":"2024-04-21T18:25:16+00:00","description":"Large and comfortable 27 m2 room located on the ground floor of our charming guest house, La R\u00e9serve, in Giverny (27). Accessible to people with reduced mobility.","breadcrumb":{"@id":"https:\/\/www.giverny-lareserve.com\/en\/chambres\/the-portrait-bedroom\/#breadcrumb"},"inLanguage":"en-US","potentialAction":[{"@type":"ReadAction","target":["https:\/\/www.giverny-lareserve.com\/en\/chambres\/the-portrait-bedroom\/"]}]},{"@type":"ImageObject","inLanguage":"en-US","@id":"https:\/\/www.giverny-lareserve.com\/en\/chambres\/the-portrait-bedroom\/#primaryimage","url":"https:\/\/www.giverny-lareserve.com\/wp-content\/uploads\/2021\/11\/Reserve-Chambre-Portraits.jpg","contentUrl":"https:\/\/www.giverny-lareserve.com\/wp-content\/uploads\/2021\/11\/Reserve-Chambre-Portraits.jpg","width":1920,"height":1281},{"@type":"BreadcrumbList","@id":"https:\/\/www.giverny-lareserve.com\/en\/chambres\/the-portrait-bedroom\/#breadcrumb","itemListElement":[{"@type":"ListItem","position":1,"name":"Accueil","item":"https:\/\/www.giverny-lareserve.com\/en\/home\/"},{"@type":"ListItem","position":2,"name":"The Portrait Bedroom"}]},{"@type":"WebSite","@id":"https:\/\/www.giverny-lareserve.com\/en\/#website","url":"https:\/\/www.giverny-lareserve.com\/en\/","name":"La R\u00e9serve | Bed & Breakfast in Giverny (27)","description":"","publisher":{"@id":"https:\/\/www.giverny-lareserve.com\/en\/#organization"},"potentialAction":[{"@type":"SearchAction","target":{"@type":"EntryPoint","urlTemplate":"https:\/\/www.giverny-lareserve.com\/en\/?s={search_term_string}"},"query-input":{"@type":"PropertyValueSpecification","valueRequired":true,"valueName":"search_term_string"}}],"inLanguage":"en-US"},{"@type":"Organization","@id":"https:\/\/www.giverny-lareserve.com\/en\/#organization","name":"La R\u00e9serve | Maison d'h\u00f4tes de charme \u00e0 Giverny","url":"https:\/\/www.giverny-lareserve.com\/en\/","logo":{"@type":"ImageObject","inLanguage":"en-US","@id":"https:\/\/www.giverny-lareserve.com\/en\/#\/schema\/logo\/image\/","url":"https:\/\/www.giverny-lareserve.com\/wp-content\/uploads\/2021\/12\/La-Reserve-Giverny.png","contentUrl":"https:\/\/www.giverny-lareserve.com\/wp-content\/uploads\/2021\/12\/La-Reserve-Giverny.png","width":1280,"height":632,"caption":"La R\u00e9serve | Maison d'h\u00f4tes de charme \u00e0 Giverny"},"image":{"@id":"https:\/\/www.giverny-lareserve.com\/en\/#\/schema\/logo\/image\/"}}]}},"jetpack_sharing_enabled":true,"_links":{"self":[{"href":"https:\/\/www.giverny-lareserve.com\/en\/wp-json\/wp\/v2\/chambres\/628","targetHints":{"allow":["GET"]}}],"collection":[{"href":"https:\/\/www.giverny-lareserve.com\/en\/wp-json\/wp\/v2\/chambres"}],"about":[{"href":"https:\/\/www.giverny-lareserve.com\/en\/wp-json\/wp\/v2\/types\/chambres"}],"wp:featuredmedia":[{"embeddable":true,"href":"https:\/\/www.giverny-lareserve.com\/en\/wp-json\/wp\/v2\/media\/1009"}],"wp:attachment":[{"href":"https:\/\/www.giverny-lareserve.com\/en\/wp-json\/wp\/v2\/media?parent=628"}],"curies":[{"name":"wp","href":"https:\/\/api.w.org\/{rel}","templated":true}]}}